{"id":279,"date":"2018-11-29T16:31:57","date_gmt":"2018-11-29T16:31:57","guid":{"rendered":"http:\/\/h40061.web157.dogado.net\/?page_id=279"},"modified":"2024-03-11T17:54:44","modified_gmt":"2024-03-11T17:54:44","slug":"startseite","status":"publish","type":"page","link":"https:\/\/reitanlage-roemerhof-schray.de\/","title":{"rendered":"Startseite"},"content":{"rendered":"<p>[et_pb_section fb_built=&#8220;1&#8243; module_id=&#8220;TOP&#8220; _builder_version=&#8220;4.5.7&#8243; background_image=&#8220;https:\/\/reitanlage-roemerhof-schray.de\/wp-content\/uploads\/2022\/02\/278A1154-scaled.jpg&#8220; custom_padding=&#8220;54px|0px|257px|0px|false|false&#8220; global_colors_info=&#8220;{}&#8220;][et_pb_row _builder_version=&#8220;3.25&#8243; custom_padding=&#8220;27px|0px|19px|0px|false|false&#8220; global_colors_info=&#8220;{}&#8220;][et_pb_column type=&#8220;4_4&#8243; _builder_version=&#8220;3.25&#8243; custom_padding=&#8220;|||&#8220; global_colors_info=&#8220;{}&#8220; custom_padding__hover=&#8220;|||&#8220;][et_pb_text _builder_version=&#8220;3.27.4&#8243; header_font=&#8220;||||||||&#8220; header_text_color=&#8220;#ffffff&#8220; header_font_size=&#8220;70px&#8220; header_3_font=&#8220;||||||||&#8220; header_3_text_color=&#8220;#ffffff&#8220; header_3_font_size=&#8220;25px&#8220; header_text_shadow_style=&#8220;preset2&#8243; header_3_text_shadow_style=&#8220;preset2&#8243; header_3_text_shadow_color=&#8220;rgba(0,0,0,0)&#8220; global_colors_info=&#8220;{}&#8220;]<\/p>\n<h1>Der R\u00f6merhof<\/h1>\n<h3>&nbsp;Wo sich Pferd und Reiter wohlf\u00fchlen!<\/h3>\n<p>[\/et_pb_text][\/et_pb_column][\/et_pb_row][\/et_pb_section][et_pb_section fb_built=&#8220;1&#8243; fullwidth=&#8220;on&#8220; _builder_version=&#8220;4.14.8&#8243; _module_preset=&#8220;default&#8220; global_colors_info=&#8220;{}&#8220;][\/et_pb_section][et_pb_section fb_built=&#8220;1&#8243; module_id=&#8220;Startseite&#8220; _builder_version=&#8220;3.22.3&#8243; custom_padding=&#8220;35px|0px|54px|0px|false|false&#8220; global_colors_info=&#8220;{}&#8220;][et_pb_row column_structure=&#8220;1_3,1_3,1_3&#8243; _builder_version=&#8220;3.25&#8243; custom_padding=&#8220;27px|0px|0|0px|false|false&#8220; global_colors_info=&#8220;{}&#8220;][et_pb_column type=&#8220;1_3&#8243; _builder_version=&#8220;3.25&#8243; custom_padding=&#8220;|||&#8220; global_colors_info=&#8220;{}&#8220; custom_padding__hover=&#8220;|||&#8220;][et_pb_image src=&#8220;https:\/\/reitanlage-roemerhof-schray.de\/wp-content\/uploads\/2022\/02\/278A0848-scaled.jpg&#8220; title_text=&#8220;278A0848&#8243; force_fullwidth=&#8220;on&#8220; align_tablet=&#8220;center&#8220; align_phone=&#8220;&#8220; align_last_edited=&#8220;on|desktop&#8220; _builder_version=&#8220;4.5.7&#8243; global_colors_info=&#8220;{}&#8220;][\/et_pb_image][et_pb_text _builder_version=&#8220;3.27.4&#8243; global_colors_info=&#8220;{}&#8220;]<\/p>\n<h2>Der R\u00f6merhof<\/h2>\n<p>Der R\u00f6merhof wurde 1998 von Familie Schray am Ortsrand von Oberriexingen neu erbaut. Die gro\u00dfz\u00fcgige Anlage bietet Pferd und Reiter nahezu alle M\u00f6glichkeiten. Der R\u00f6merhof ist anerkannter Ausbildungsbetrieb der FN.<\/p>\n<p>Ein herrlich weitl\u00e4ufiges Ausreitgel\u00e4nde und Koppeln f\u00fcr alle Pferde sorgen f\u00fcr den n\u00f6tigen Ausgleich im Pferdeleben und liegen direkt vor der Stallt\u00fcr.<\/p>\n<p><a href=\"#Family\">Read more &#8230;<\/a>[\/et_pb_text][et_pb_text _builder_version=&#8220;3.27.4&#8243; header_font=&#8220;||||||||&#8220; header_2_font=&#8220;||||||||&#8220; global_colors_info=&#8220;{}&#8220;][\/et_pb_text][\/et_pb_column][et_pb_column type=&#8220;1_3&#8243; _builder_version=&#8220;3.25&#8243; custom_padding=&#8220;|||&#8220; global_colors_info=&#8220;{}&#8220; custom_padding__hover=&#8220;|||&#8220;][et_pb_image src=&#8220;https:\/\/reitanlage-roemerhof-schray.de\/wp-content\/uploads\/2022\/02\/278A2579OL-scaled.jpg&#8220; title_text=&#8220;278A2579+OL&#8220; align_tablet=&#8220;center&#8220; align_phone=&#8220;&#8220; align_last_edited=&#8220;on|desktop&#8220; _builder_version=&#8220;4.5.7&#8243; global_colors_info=&#8220;{}&#8220;][\/et_pb_image][et_pb_text _builder_version=&#8220;3.27.4&#8243; global_colors_info=&#8220;{}&#8220;]<\/p>\n<h2>Beritt &amp; Ausbildung<\/h2>\n<p>Wir bieten die M\u00f6glichkeit der Ausbildung f\u00fcr Pferd und Reiter bis zur schweren Klasse im Schwerpunkt Dressur durch Tina N\u00e4gele, Susanne Zeiske und Holger Zeiske an. Dies umfasst Beritt, Unterrichtserteilung auf ihrem eigenen Pferd oder auch die Turniervorstellung.<\/p>\n<p>In welchem Umfang dies stattfinden soll, k\u00f6nnen Sie individuell zugeschnitten auf ihre Bed\u00fcrfnisse mit den Trainern vereinbaren.<\/p>\n<p><a href=\"#Tina_Beritt\">Read more &#8230;<\/a><\/p>\n<p>[\/et_pb_text][\/et_pb_column][et_pb_column type=&#8220;1_3&#8243; _builder_version=&#8220;3.25&#8243; custom_padding=&#8220;|||&#8220; global_colors_info=&#8220;{}&#8220; custom_padding__hover=&#8220;|||&#8220;][et_pb_image src=&#8220;https:\/\/reitanlage-roemerhof-schray.de\/wp-content\/uploads\/2022\/02\/278A1085-scaled.jpg&#8220; title_text=&#8220;278A1085&#8243; align_tablet=&#8220;center&#8220; align_phone=&#8220;&#8220; align_last_edited=&#8220;on|desktop&#8220; _builder_version=&#8220;4.5.7&#8243; global_colors_info=&#8220;{}&#8220;][\/et_pb_image][et_pb_text _builder_version=&#8220;3.27.4&#8243; global_colors_info=&#8220;{}&#8220;]<\/p>\n<h2>Der Reitverein<\/h2>\n<p>Der Reitverein R\u00f6merhof Oberriexingen ist ein sportlich orientierter Verein mit zahlreichen aktiven Turnierreitern und umfangreicher Jugendf\u00f6rderung.<\/p>\n<p>F\u00fcr alle reiterlichen Aktivit\u00e4ten stehen keine Schulpferde zur Verf\u00fcgung.<\/p>\n<p><a href=\"#Verein\">Read more &#8230;<\/a>[\/et_pb_text][\/et_pb_column][\/et_pb_row][\/et_pb_section][et_pb_section fb_built=&#8220;1&#8243; module_id=&#8220;Family&#8220; _builder_version=&#8220;3.22.3&#8243; background_color=&#8220;#b4dcbb&#8220; custom_padding=&#8220;54px|0px|35px|0px|false|false&#8220; global_colors_info=&#8220;{}&#8220;][et_pb_row column_structure=&#8220;2_5,3_5&#8243; _builder_version=&#8220;3.25&#8243; custom_padding=&#8220;27px|0px|0|0px|false|false&#8220; border_color_all=&#8220;rgba(0,0,0,0)&#8220; border_width_bottom=&#8220;1px&#8220; global_colors_info=&#8220;{}&#8220;][et_pb_column type=&#8220;2_5&#8243; _builder_version=&#8220;3.25&#8243; background_color=&#8220;rgba(180,220,187,0.08)&#8220; custom_padding=&#8220;|||&#8220; global_colors_info=&#8220;{}&#8220; custom_padding__hover=&#8220;|||&#8220;][et_pb_text _builder_version=&#8220;3.27.4&#8243; text_font=&#8220;||||||||&#8220; text_line_height=&#8220;1.5em&#8220; border_style_top=&#8220;solid&#8220; border_style_right=&#8220;solid&#8220; border_style_bottom=&#8220;solid&#8220; border_style_left=&#8220;solid&#8220; global_colors_info=&#8220;{}&#8220;]<\/p>\n<h2>Familie &amp; Team<\/h2>\n<p>Familie Schray versorgt mit ihrem Team die Pferde und k\u00fcmmert sich um alle Belange, des Hofes und der Einsteller.<\/p>\n<p>Gerne beantworten wir Ihnen alle Fragen zu unserem Angebot.<\/p>\n<p><span style=\"color: #808080;\"><b><span style=\"font-family: Verdana; font-size: small;\">Ihre Ansprechpartner: <br style=\"text-align: left; text-transform: none; text-indent: 0px; letter-spacing: normal; font-style: normal; font-variant: normal; text-decoration: none; word-spacing: 0px; white-space: normal; orphans: 2; -webkit-text-stroke-width: 0px; background-color: transparent;\"><\/span><\/b><span style=\"text-align: left; text-transform: none; text-indent: 0px; letter-spacing: normal; font-family: Verdana,Arial,Helvetica,sans-serif; font-size: 13.33px; font-style: normal; font-variant: normal; font-weight: 400; text-decoration: none; word-spacing: 0px; display: inline !important; white-space: normal; orphans: 2; float: none; -webkit-text-stroke-width: 0px; background-color: transparent;\"> Heike und Martin Schray <\/span><\/span><br style=\"background-color: transparent; color: #000000; font-family: Verdana, Arial, Helvetica, sans-serif; font-size: 13.33px; font-style: normal; font-variant: normal; font-weight: 400; letter-spacing: normal; orphans: 2; text-align: left; text-decoration: none; text-indent: 0px; text-transform: none; -webkit-text-stroke-width: 0px; white-space: normal; word-spacing: 0px;\"><span style=\"text-align: left; color: #808080; text-transform: none; text-indent: 0px; letter-spacing: normal; font-family: Verdana,Arial,Helvetica,sans-serif; font-size: 13.33px; font-style: normal; font-variant: normal; font-weight: 400; text-decoration: none; word-spacing: 0px; display: inline !important; white-space: normal; orphans: 2; float: none; -webkit-text-stroke-width: 0px; background-color: transparent;\"> Reitanlage R\u00f6merhof <\/span><br style=\"background-color: transparent; color: #000000; font-family: Verdana, Arial, Helvetica, sans-serif; font-size: 13.33px; font-style: normal; font-variant: normal; font-weight: 400; letter-spacing: normal; orphans: 2; text-align: left; text-decoration: none; text-indent: 0px; text-transform: none; -webkit-text-stroke-width: 0px; white-space: normal; word-spacing: 0px;\"><span style=\"text-align: left; color: #808080; text-transform: none; text-indent: 0px; letter-spacing: normal; font-family: Verdana,Arial,Helvetica,sans-serif; font-size: 13.33px; font-style: normal; font-variant: normal; font-weight: 400; text-decoration: none; word-spacing: 0px; display: inline !important; white-space: normal; orphans: 2; float: none; -webkit-text-stroke-width: 0px; background-color: transparent;\"> 71739 Oberriexingen <\/span><br style=\"background-color: transparent; color: #000000; font-family: Verdana, Arial, Helvetica, sans-serif; font-size: 13.33px; font-style: normal; font-variant: normal; font-weight: 400; letter-spacing: normal; orphans: 2; text-align: left; text-decoration: none; text-indent: 0px; text-transform: none; -webkit-text-stroke-width: 0px; white-space: normal; word-spacing: 0px;\"><span style=\"text-align: left; color: #808080; text-transform: none; text-indent: 0px; letter-spacing: normal; font-family: Verdana,Arial,Helvetica,sans-serif; font-size: 13.33px; font-style: normal; font-variant: normal; font-weight: 400; text-decoration: none; word-spacing: 0px; display: inline !important; white-space: normal; orphans: 2; float: none; -webkit-text-stroke-width: 0px; background-color: transparent;\"> Tel: 0 70 42 &#8211; 14 15 9 <\/span><br style=\"background-color: transparent; color: #000000; font-family: Verdana, Arial, Helvetica, sans-serif; font-size: 13.33px; font-style: normal; font-variant: normal; font-weight: 400; letter-spacing: normal; orphans: 2; text-align: left; text-decoration: none; text-indent: 0px; text-transform: none; -webkit-text-stroke-width: 0px; white-space: normal; word-spacing: 0px;\">Martin Schray<span style=\"text-align: left; color: #808080; text-transform: none; text-indent: 0px; letter-spacing: normal; font-family: Verdana,Arial,Helvetica,sans-serif; font-size: 13.33px; font-style: normal; font-variant: normal; font-weight: 400; text-decoration: none; word-spacing: 0px; display: inline !important; white-space: normal; orphans: 2; float: none; -webkit-text-stroke-width: 0px; background-color: transparent;\">: 0160 &#8211; 28 120 45<\/span><\/p>\n<p>Heike Schray: 0151 555 156 54<br style=\"background-color: transparent; color: #000000; font-family: Verdana, Arial, Helvetica, sans-serif; font-size: 13.33px; font-style: normal; font-variant: normal; font-weight: 400; letter-spacing: normal; orphans: 2; text-align: left; text-decoration: none; text-indent: 0px; text-transform: none; -webkit-text-stroke-width: 0px; white-space: normal; word-spacing: 0px;\"><span style=\"font-size: 13.33px;\"><a href=\"mailto:info@reitanlage-roemerhof-schray.de\" target=\"_blank\" rel=\"noopener noreferrer\"><span style=\"color: #808080;\"><span style=\"text-align: left; text-transform: none; text-indent: 0px; letter-spacing: normal; font-family: Verdana, Arial, Helvetica, sans-serif; font-style: normal; font-variant: normal; font-weight: 400; text-decoration: none; word-spacing: 0px; display: inline !important; white-space: normal; float: none; -webkit-text-stroke-width: 0px; background-color: transparent;\">Email: info@reitanlage-roemerhof-schray.de<\/span><\/span><\/a><\/span>[\/et_pb_text][\/et_pb_column][et_pb_column type=&#8220;3_5&#8243; _builder_version=&#8220;3.25&#8243; custom_padding=&#8220;|||&#8220; global_colors_info=&#8220;{}&#8220; custom_padding__hover=&#8220;|||&#8220;][et_pb_image src=&#8220;https:\/\/reitanlage-roemerhof-schray.de\/wp-content\/uploads\/2022\/02\/278A0913-scaled.jpg&#8220; title_text=&#8220;278A0913&#8243; _builder_version=&#8220;4.5.7&#8243; _module_preset=&#8220;default&#8220; global_colors_info=&#8220;{}&#8220;][\/et_pb_image][\/et_pb_column][\/et_pb_row][\/et_pb_section][et_pb_section fb_built=&#8220;1&#8243; module_id=&#8220;Anlage&#8220; _builder_version=&#8220;3.22.3&#8243; background_color=&#8220;#ffffff&#8220; custom_padding=&#8220;35px|0px|35px|0px|true|false&#8220; global_colors_info=&#8220;{}&#8220;][et_pb_row _builder_version=&#8220;3.25&#8243; background_color=&#8220;#ffffff&#8220; custom_padding=&#8220;27px|0px|0|0px|false|false&#8220; global_colors_info=&#8220;{}&#8220;][et_pb_column type=&#8220;4_4&#8243; _builder_version=&#8220;3.25&#8243; custom_padding=&#8220;|||&#8220; global_colors_info=&#8220;{}&#8220; custom_padding__hover=&#8220;|||&#8220;][et_pb_text _builder_version=&#8220;3.27.4&#8243; global_colors_info=&#8220;{}&#8220;]<\/p>\n<h2>Die Anlage<\/h2>\n<p>[\/et_pb_text][\/et_pb_column][\/et_pb_row][et_pb_row column_structure=&#8220;1_4,1_4,1_4,1_4&#8243; _builder_version=&#8220;3.25&#8243; custom_padding=&#8220;0|0px|27px|0px|false|false&#8220; global_colors_info=&#8220;{}&#8220;][et_pb_column type=&#8220;1_4&#8243; _builder_version=&#8220;3.25&#8243; custom_padding=&#8220;|||&#8220; global_colors_info=&#8220;{}&#8220; custom_padding__hover=&#8220;|||&#8220;][et_pb_image src=&#8220;https:\/\/reitanlage-roemerhof-schray.de\/wp-content\/uploads\/2022\/02\/278A2579OL-scaled.jpg&#8220; title_text=&#8220;278A2579+OL&#8220; align_tablet=&#8220;center&#8220; align_phone=&#8220;&#8220; align_last_edited=&#8220;on|desktop&#8220; _builder_version=&#8220;4.5.7&#8243; global_colors_info=&#8220;{}&#8220;][\/et_pb_image][et_pb_text _builder_version=&#8220;3.27.4&#8243; global_colors_info=&#8220;{}&#8220;]<\/p>\n<p>Unsere Reithalle ist 20 x 40 m gro\u00df und mit einem Terratex Boden ausgestattet. Vollfl\u00e4chig verspiegelt an der kurzen Seite, einem First-Lichtband und einer Beregnungsanlage bietet sie den Reitern optimale Bedingungen f\u00fcrs Training.<\/p>\n<p>[\/et_pb_text][\/et_pb_column][et_pb_column type=&#8220;1_4&#8243; _builder_version=&#8220;3.25&#8243; custom_padding=&#8220;|||&#8220; global_colors_info=&#8220;{}&#8220; custom_padding__hover=&#8220;|||&#8220;][et_pb_image src=&#8220;https:\/\/reitanlage-roemerhof-schray.de\/wp-content\/uploads\/2022\/02\/278A1010-scaled.jpg&#8220; title_text=&#8220;278A1010&#8243; align_tablet=&#8220;center&#8220; align_phone=&#8220;&#8220; align_last_edited=&#8220;on|desktop&#8220; _builder_version=&#8220;4.5.7&#8243; global_colors_info=&#8220;{}&#8220;][\/et_pb_image][et_pb_text _builder_version=&#8220;3.27.4&#8243; global_colors_info=&#8220;{}&#8220;]Der Au\u00dfen-Reitplatz ist 20 x 60 m gro\u00df und ebenfalls mit einem EquiTerr-Boden ausgestattet. Mit einem Unterbau aus Lavagestein und einer elastischen Tretschicht steht dem Training an der frischen Luft ganzj\u00e4hrig nichts im Weg. Auch im Dunkeln kann dank der Reitplatzbeleuchtung der Platz genutzt werden.[\/et_pb_text][\/et_pb_column][et_pb_column type=&#8220;1_4&#8243; _builder_version=&#8220;3.25&#8243; custom_padding=&#8220;|||&#8220; global_colors_info=&#8220;{}&#8220; custom_padding__hover=&#8220;|||&#8220;][et_pb_image src=&#8220;https:\/\/reitanlage-roemerhof-schray.de\/wp-content\/uploads\/2018\/09\/fuehranlage2kl-1.jpg&#8220; align_tablet=&#8220;center&#8220; align_phone=&#8220;&#8220; align_last_edited=&#8220;on|desktop&#8220; _builder_version=&#8220;3.23&#8243; global_colors_info=&#8220;{}&#8220;][\/et_pb_image][et_pb_text _builder_version=&#8220;4.14.8&#8243; custom_padding=&#8220;||96px|||&#8220; global_colors_info=&#8220;{}&#8220;]<\/p>\n<p>Erg\u00e4nzend zur Halle und dem Au\u00dfenplatz steht eine \u00fcberdachte Mehrzweck Longier- und F\u00fchranlage zur Verf\u00fcgung. Auch der Longierzirkel verf\u00fcgt \u00fcber einen EquiTerr-Boden.<\/p>\n<p>Vier kleine und ein gro\u00dfes Sandpaddock stehen das ganze Jahr zur Verf\u00fcgung<\/p>\n<p>[\/et_pb_text][\/et_pb_column][et_pb_column type=&#8220;1_4&#8243; _builder_version=&#8220;3.25&#8243; custom_padding=&#8220;|||&#8220; global_colors_info=&#8220;{}&#8220; custom_padding__hover=&#8220;|||&#8220;][et_pb_image src=&#8220;https:\/\/reitanlage-roemerhof-schray.de\/wp-content\/uploads\/2022\/02\/278A1050-scaled.jpg&#8220; title_text=&#8220;278A1050&#8243; align_tablet=&#8220;center&#8220; align_phone=&#8220;&#8220; align_last_edited=&#8220;on|desktop&#8220; _builder_version=&#8220;4.5.7&#8243; global_colors_info=&#8220;{}&#8220;][\/et_pb_image][et_pb_text _builder_version=&#8220;3.27.4&#8243; global_colors_info=&#8220;{}&#8220;]Unser Stall besteht aus zwei Stallgassen mit je 20 Boxen (3 x 3,5 m). Alle Boxen haben einen&nbsp; gro\u00dfen Paddock (3 x 5 m).<\/p>\n<p>Beide Stalltrakte haben direkten Zugang zur Reithalle.[\/et_pb_text][\/et_pb_column][\/et_pb_row][\/et_pb_section][et_pb_section fb_built=&#8220;1&#8243; module_id=&#8220;Preise&#8220; _builder_version=&#8220;3.22.3&#8243; background_color=&#8220;#b4dcbb&#8220; custom_padding=&#8220;35px|0px|0|0px|false|false&#8220; global_colors_info=&#8220;{}&#8220;][et_pb_row column_structure=&#8220;1_3,1_3,1_3&#8243; _builder_version=&#8220;3.25&#8243; background_size=&#8220;initial&#8220; background_position=&#8220;top_left&#8220; background_repeat=&#8220;repeat&#8220; custom_padding=&#8220;27px|0px|0|0px|false|false&#8220; global_colors_info=&#8220;{}&#8220;][et_pb_column type=&#8220;1_3&#8243; _builder_version=&#8220;3.25&#8243; custom_padding=&#8220;|||&#8220; global_colors_info=&#8220;{}&#8220; custom_padding__hover=&#8220;|||&#8220;][et_pb_text _builder_version=&#8220;3.27.4&#8243; text_font=&#8220;||||||||&#8220; text_text_color=&#8220;#474747&#8243; text_font_size=&#8220;16px&#8220; border_style_top=&#8220;solid&#8220; border_style_right=&#8220;solid&#8220; border_style_bottom=&#8220;solid&#8220; border_style_left=&#8220;solid&#8220; global_colors_info=&#8220;{}&#8220;]<\/p>\n<h2>Service &amp; Kosten<\/h2>\n<p>Die Boxenmiete betr\u00e4gt:<br \/><strong style=\"background-color: transparent; color: #333333; font-family: Georgia,&amp;quot; times new roman&amp;quot;,&amp;quot;bitstream charter&amp;quot;,times,serif; font-size: 16px; font-style: normal; font-variant: normal; font-weight: bold; letter-spacing: normal; line-height: 24px; max-width: none; min-height: 0px; orphans: 2; text-align: left; text-decoration: none; text-indent: 0px; text-transform: none; -webkit-text-stroke-width: 0px; white-space: normal; word-spacing: 0px; word-wrap: break-word; margin: 0px;\">495 Euro\/Monat inkl. 19% MwSt.\u00a0 \u00a0 <\/strong>Unsere ger\u00e4umigen Boxen (3 x 3,5 m) sind alle mit einem Paddock (3 x 5 m) ausgestattet. <strong>\u00a0<\/strong><\/p>\n<p>[\/et_pb_text][\/et_pb_column][et_pb_column type=&#8220;1_3&#8243; _builder_version=&#8220;3.25&#8243; custom_padding=&#8220;|||&#8220; global_colors_info=&#8220;{}&#8220; custom_padding__hover=&#8220;|||&#8220;][et_pb_text _builder_version=&#8220;3.27.4&#8243; text_font=&#8220;||||||||&#8220; ul_font=&#8220;||||||||&#8220; ul_line_height=&#8220;1.5em&#8220; custom_margin=&#8220;40px|||&#8220; border_style_top=&#8220;solid&#8220; border_style_right=&#8220;solid&#8220; border_style_bottom=&#8220;solid&#8220; border_style_left=&#8220;solid&#8220; global_colors_info=&#8220;{}&#8220;]<\/p>\n<h4>Im Boxenpreis enthalten sind:<\/h4>\n<ul>\n<li>3 x t\u00e4glich Kraftfutter (Hafer\/M\u00fcsli)<\/li>\n<li>2 x t\u00e4glich Raufutter<\/li>\n<li>2 x t\u00e4glich Misten<\/li>\n<li>Benutzung der Anlage<\/li>\n<li>Verabreichung von Medikamenten oder Sonderfuttermitteln nach Absprache<\/li>\n<\/ul>\n<p>[\/et_pb_text][\/et_pb_column][et_pb_column type=&#8220;1_3&#8243; _builder_version=&#8220;3.25&#8243; custom_padding=&#8220;|||&#8220; global_colors_info=&#8220;{}&#8220; custom_padding__hover=&#8220;|||&#8220;][et_pb_text _builder_version=&#8220;4.14.8&#8243; text_font=&#8220;||||||||&#8220; ul_font=&#8220;||||||||&#8220; ul_line_height=&#8220;1.5em&#8220; custom_margin=&#8220;40px|||&#8220; border_style_top=&#8220;solid&#8220; border_style_right=&#8220;solid&#8220; border_style_bottom=&#8220;solid&#8220; border_style_left=&#8220;solid&#8220; global_colors_info=&#8220;{}&#8220;]<\/p>\n<h4>Extras:<\/h4>\n<ul>\n<li>Koppelservice von Mai bis September<\/li>\n<li>F\u00fchranlagenservice\u00a0<\/li>\n<li>Anh\u00e4ngerparkplatz<\/li>\n<li>Nutzung der Anlage durch Fremdreiter jeweils\u00a0 (nur in Zusammenhang mit Reitunterricht bei Tina N\u00e4gele oder Susanne &amp; Holger Zeiske m\u00f6glich)<\/li>\n<li>Preise auf Anfrage<\/li>\n<\/ul>\n<p>[\/et_pb_text][et_pb_text _builder_version=&#8220;3.27.4&#8243; border_style_top=&#8220;solid&#8220; border_style_right=&#8220;solid&#8220; border_style_bottom=&#8220;solid&#8220; border_style_left=&#8220;solid&#8220; global_colors_info=&#8220;{}&#8220;][\/et_pb_text][\/et_pb_column][\/et_pb_row][\/et_pb_section][et_pb_section fb_built=&#8220;1&#8243; module_id=&#8220;Tina_Beritt&#8220; _builder_version=&#8220;3.22.3&#8243; custom_padding=&#8220;10px|0px|54px|0px|false|false&#8220; global_colors_info=&#8220;{}&#8220;][et_pb_row column_structure=&#8220;1_6,1_6,1_6,1_6,1_6,1_6&#8243; _builder_version=&#8220;3.25&#8243; custom_padding=&#8220;6px|0px|0|0px|false|false&#8220; global_colors_info=&#8220;{}&#8220;][et_pb_column type=&#8220;1_6&#8243; _builder_version=&#8220;3.25&#8243; custom_padding=&#8220;|||&#8220; global_colors_info=&#8220;{}&#8220; custom_padding__hover=&#8220;|||&#8220;][et_pb_text _builder_version=&#8220;3.27.4&#8243; custom_margin=&#8220;|-442px||||&#8220; global_colors_info=&#8220;{}&#8220;]<\/p>\n<h2>Beritt &amp; Ausbildung<\/h2>\n<p>[\/et_pb_text][et_pb_text _builder_version=&#8220;3.27.4&#8243; custom_margin=&#8220;|-106px||||&#8220; global_colors_info=&#8220;{}&#8220;]<\/p>\n<h2><strong style=\"font-size: 20px;\">Tina N\u00e4gele<\/strong><\/h2>\n<p>Pferdewirtschaftsmeisterin Schwerpunkt Reiten Dressur<strong><br \/><\/strong>Richterin FN Dressur und Springen bis Klasse M<span style=\"font-size: 14px;\">\u00a0<\/span><\/p>\n<p><strong>Kontakt:<br \/><\/strong><span style=\"font-size: 14px;\">Mobiltelefon: 0172\/6272274<br \/><\/span><span style=\"font-size: 14px;\">Email: <a href=\"mailto:tina-naegele@gmx.de\">tina-naegele@gmx.de<\/a><\/span><\/p>\n<p><span style=\"font-size: 14px;\"><\/span><\/p>\n<p>[\/et_pb_text][et_pb_image align_tablet=&#8220;center&#8220; align_phone=&#8220;&#8220; align_last_edited=&#8220;on|desktop&#8220; _builder_version=&#8220;3.23&#8243; global_colors_info=&#8220;{}&#8220;][\/et_pb_image][\/et_pb_column][et_pb_column type=&#8220;1_6&#8243; _builder_version=&#8220;4.5.7&#8243; _module_preset=&#8220;default&#8220; global_colors_info=&#8220;{}&#8220;][\/et_pb_column][et_pb_column type=&#8220;1_6&#8243; _builder_version=&#8220;4.5.7&#8243; _module_preset=&#8220;default&#8220; global_colors_info=&#8220;{}&#8220;][et_pb_text _builder_version=&#8220;3.27.4&#8243; custom_margin=&#8220;|-342px||||&#8220; custom_padding=&#8220;0px|0px||||&#8220; global_colors_info=&#8220;{}&#8220;]<\/p>\n<h2><strong style=\"font-size: 20px;\"><\/strong><\/h2>\n<h2><strong style=\"font-size: 20px;\"><\/strong><\/h2>\n<h2><strong style=\"font-size: 20px;\"><\/strong><\/h2>\n<h2><strong style=\"font-size: 20px;\"><\/strong><\/h2>\n<h2><strong style=\"font-size: 20px;\"><\/strong><\/h2>\n<h2><strong style=\"font-size: 20px;\"><\/strong><\/h2>\n<h2><span style=\"font-size: 20px;\"><b>Dressurausbildung Holger &amp; Susanne Zeiske<\/b><\/span><\/h2>\n<p>Pferdewirtschaftsmeister\/in\u00a0<br \/> Schwerpunkt Reiten Dressur<br \/> Beritt und Unterricht bis Klasse S<\/p>\n<p><strong><br \/>Kontakt:<br \/> <\/strong><span style=\"font-size: 14px;\">Mobiltelefon: <span>0172\/7624881<\/span><\/span><span style=\"font-size: 14px;\"><br \/> <\/span><span style=\"font-size: 14px;\">Email:\u00a0<a href=\"mailto:info@zeiske-dressurausbildung.de\">info@zeiske-dressurausbildung.de<\/a><br \/><span>Website:\u00a0<a href=\"http:\/\/www.zeiske-dressurausbildung.de\">www.zeiske-dressurausbildung.de<\/a><\/span><br \/><\/span><\/p>\n<p><span style=\"font-size: 14px;\"><\/span><\/p>\n<p>[\/et_pb_text][\/et_pb_column][et_pb_column type=&#8220;1_6&#8243; _builder_version=&#8220;4.5.7&#8243; _module_preset=&#8220;default&#8220; global_colors_info=&#8220;{}&#8220;][\/et_pb_column][et_pb_column type=&#8220;1_6&#8243; _builder_version=&#8220;3.25&#8243; custom_padding=&#8220;|||&#8220; global_colors_info=&#8220;{}&#8220; custom_padding__hover=&#8220;|||&#8220;][et_pb_image align_tablet=&#8220;center&#8220; align_phone=&#8220;&#8220; align_last_edited=&#8220;on|desktop&#8220; _builder_version=&#8220;3.23&#8243; global_colors_info=&#8220;{}&#8220;][\/et_pb_image][\/et_pb_column][et_pb_column type=&#8220;1_6&#8243; _builder_version=&#8220;3.25&#8243; custom_padding=&#8220;|||&#8220; global_colors_info=&#8220;{}&#8220; custom_padding__hover=&#8220;|||&#8220;][\/et_pb_column][\/et_pb_row][\/et_pb_section][et_pb_section fb_built=&#8220;1&#8243; module_id=&#8220;Verein&#8220; _builder_version=&#8220;3.22.3&#8243; background_color=&#8220;#b4dcbb&#8220; global_colors_info=&#8220;{}&#8220;][et_pb_row column_structure=&#8220;2_5,3_5&#8243; _builder_version=&#8220;3.25&#8243; background_color=&#8220;#b4dcbb&#8220; custom_padding=&#8220;33px|0px|27px|0px|false|false&#8220; global_colors_info=&#8220;{}&#8220;][et_pb_column type=&#8220;2_5&#8243; _builder_version=&#8220;3.25&#8243; custom_padding=&#8220;|||&#8220; global_colors_info=&#8220;{}&#8220; custom_padding__hover=&#8220;|||&#8220;][et_pb_text _builder_version=&#8220;3.27.4&#8243; text_font=&#8220;||||||||&#8220; text_line_height=&#8220;1.5em&#8220; global_colors_info=&#8220;{}&#8220;]<\/p>\n<h2>Der Reitverein<\/h2>\n<p>1999 zog der Reitverein Freiberg auf den R\u00f6merhof.<span class=\"Apple-converted-space\">&nbsp;<\/span><\/p>\n<p>Dies war der Anlass f\u00fcr die neue Namensgebung: Reitverein R\u00f6merhof Oberriexingen.<span class=\"Apple-converted-space\">&nbsp;<\/span><\/p>\n<p>Als gemeinn\u00fctziger Verein f\u00f6rdern wir unsere Jugend und stehen hierbei in engem Kontakt zum PSK Ludwigsburg.<span class=\"Apple-converted-space\">&nbsp;<\/span><\/p>\n<p>Im t\u00e4glichen Vereinsleben freuen wir uns \u00fcber die Erfolge unserer Turnierreiter genauso wie \u00fcber die Freizeitreiter, die sich zu einem Ausritt treffen. Die Atmosph\u00e4re im Verein und unter den Vereinsmitgliedern ist sehr freundschaftlich.<span class=\"Apple-converted-space\">&nbsp;<\/span><\/p>\n<p>Das beweisen viele gemeinsame Aktivit\u00e4ten, Grillabende und andere Veranstaltungen. Ein fester Termin im Kalender ist unser j\u00e4hrliches Gl\u00fchweinfest, welches sich auch \u00fcberregional gro\u00dfer Bekanntheit erfreut.<span class=\"Apple-converted-space\">&nbsp;<\/span><\/p>\n<p>&nbsp;[\/et_pb_text][\/et_pb_column][et_pb_column type=&#8220;3_5&#8243; _builder_version=&#8220;3.25&#8243; custom_padding=&#8220;|||&#8220; global_colors_info=&#8220;{}&#8220; custom_padding__hover=&#8220;|||&#8220;][et_pb_code _builder_version=&#8220;3.17.6&#8243; global_colors_info=&#8220;{}&#8220;]<div id=\"metaslider-id-770\" style=\"width: 100%;\" class=\"ml-slider-3-104-0 metaslider metaslider-flex metaslider-770 ml-slider has-dots-nav ms-theme-default\" role=\"region\" aria-label=\"Der Reitverein\" data-height=\"400\" data-width=\"600\">\n    <div id=\"metaslider_container_770\">\n        <div id=\"metaslider_770\">\n            <ul class='slides'>\n                <li style=\"display: block; width: 100%;\" class=\"slide-1175 ms-image \" aria-roledescription=\"slide\" data-date=\"2018-12-31 10:56:13\" data-filename=\"Luca_Otto3-600x400.jpg\" data-slide-type=\"image\"><img loading=\"lazy\" decoding=\"async\" src=\"https:\/\/reitanlage-roemerhof-schray.de\/wp-content\/uploads\/2018\/12\/Luca_Otto3-600x400.jpg\" height=\"400\" width=\"600\" alt=\"\" class=\"slider-770 slide-1175 msDefaultImage\" title=\"Luca_Otto3\" \/><div class=\"caption-wrap\"><div class=\"caption\">Luca Wyrich und \"Otto\"<\/div><\/div><\/li>\n                <li style=\"display: none; width: 100%;\" class=\"slide-1057 ms-image \" aria-roledescription=\"slide\" data-date=\"2018-11-29 14:53:49\" data-filename=\"Kreismeisterschaften-2018-600x400.jpg\" data-slide-type=\"image\"><img loading=\"lazy\" decoding=\"async\" src=\"https:\/\/reitanlage-roemerhof-schray.de\/wp-content\/uploads\/2018\/11\/Kreismeisterschaften-2018-600x400.jpg\" height=\"400\" width=\"600\" alt=\"\" class=\"slider-770 slide-1057 msDefaultImage\" title=\"Kreismeisterschaften 2018\" \/><div class=\"caption-wrap\"><div class=\"caption\">Thomas Bangert und \"Erna\"<\/div><\/div><\/li>\n                <li style=\"display: none; width: 100%;\" class=\"slide-771 ms-image \" aria-roledescription=\"slide\" data-date=\"2018-09-25 09:46:16\" data-filename=\"platz-neu-1.jpg\" data-slide-type=\"image\"><img loading=\"lazy\" decoding=\"async\" src=\"https:\/\/reitanlage-roemerhof-schray.de\/wp-content\/uploads\/2018\/09\/platz-neu-1.jpg\" height=\"400\" width=\"600\" alt=\"\" class=\"slider-770 slide-771 msDefaultImage\" title=\"platz-neu\" \/><div class=\"caption-wrap\"><div class=\"caption\">Springtraining auf dem Au\u00dfen-Reitplatz<\/div><\/div><\/li>\n                <li style=\"display: none; width: 100%;\" class=\"slide-1058 ms-image \" aria-roledescription=\"slide\" data-date=\"2018-11-29 14:54:05\" data-filename=\"Thomas_SiegerehrungMarbach-600x400.jpg\" data-slide-type=\"image\"><img loading=\"lazy\" decoding=\"async\" src=\"https:\/\/reitanlage-roemerhof-schray.de\/wp-content\/uploads\/2018\/11\/Thomas_SiegerehrungMarbach-600x400.jpg\" height=\"400\" width=\"600\" alt=\"\" class=\"slider-770 slide-1058 msDefaultImage\" title=\"Thomas_SiegerehrungMarbach\" \/><div class=\"caption-wrap\"><div class=\"caption\">Thomas Bangert bei der Siegerehrung in Marbach\/L.<\/div><\/div><\/li>\n                <li style=\"display: none; width: 100%;\" class=\"slide-772 ms-image \" aria-roledescription=\"slide\" data-date=\"2018-09-25 09:47:23\" data-filename=\"DSC_0180-600x400.jpg\" data-slide-type=\"image\"><img loading=\"lazy\" decoding=\"async\" src=\"https:\/\/reitanlage-roemerhof-schray.de\/wp-content\/uploads\/2018\/09\/DSC_0180-600x400.jpg\" height=\"400\" width=\"600\" alt=\"\" class=\"slider-770 slide-772 msDefaultImage\" title=\"DSC_0180\" \/><div class=\"caption-wrap\"><div class=\"caption\">Gl\u00fchweinfest 2018<\/div><\/div><\/li>\n                <li style=\"display: none; width: 100%;\" class=\"slide-872 ms-image \" aria-roledescription=\"slide\" data-date=\"2018-10-31 10:17:47\" data-filename=\"IMG-20180926-WA0009889-600x400.jpg\" data-slide-type=\"image\"><img loading=\"lazy\" decoding=\"async\" src=\"https:\/\/reitanlage-roemerhof-schray.de\/wp-content\/uploads\/2018\/10\/IMG-20180926-WA0009889-600x400.jpg\" height=\"400\" width=\"600\" alt=\"\" class=\"slider-770 slide-872 msDefaultImage\" title=\"IMG-20180926-WA0009[889]\" \/><div class=\"caption-wrap\"><div class=\"caption\">Waffelverkauf der Jugend beim Gl\u00fchweinfest<\/div><\/div><\/li>\n                <li style=\"display: none; width: 100%;\" class=\"slide-873 ms-image \" aria-roledescription=\"slide\" data-date=\"2018-10-31 10:18:27\" data-filename=\"IMG-20180926-WA0008876-600x400.jpg\" data-slide-type=\"image\"><img loading=\"lazy\" decoding=\"async\" src=\"https:\/\/reitanlage-roemerhof-schray.de\/wp-content\/uploads\/2018\/10\/IMG-20180926-WA0008876-600x400.jpg\" height=\"400\" width=\"600\" alt=\"\" class=\"slider-770 slide-873 msDefaultImage\" title=\"IMG-20180926-WA0008[876]\" \/><div class=\"caption-wrap\"><div class=\"caption\">Alle helfen beim Gl\u00fchweinfest (Angelina, Anna und Lea)<\/div><\/div><\/li>\n                <li style=\"display: none; width: 100%;\" class=\"slide-1059 ms-image \" aria-roledescription=\"slide\" data-date=\"2018-11-29 14:54:11\" data-filename=\"Thomas_Sprung3-600x400.jpg\" data-slide-type=\"image\"><img loading=\"lazy\" decoding=\"async\" src=\"https:\/\/reitanlage-roemerhof-schray.de\/wp-content\/uploads\/2018\/11\/Thomas_Sprung3-600x400.jpg\" height=\"400\" width=\"600\" alt=\"\" class=\"slider-770 slide-1059 msDefaultImage\" title=\"Thomas_Sprung3\" \/><\/li>\n                <li style=\"display: none; width: 100%;\" class=\"slide-1061 ms-image \" aria-roledescription=\"slide\" data-date=\"2018-11-29 14:54:20\" data-filename=\"Thomas_Sprung-600x400.jpg\" data-slide-type=\"image\"><img loading=\"lazy\" decoding=\"async\" src=\"https:\/\/reitanlage-roemerhof-schray.de\/wp-content\/uploads\/2018\/11\/Thomas_Sprung-600x400.jpg\" height=\"400\" width=\"600\" alt=\"\" class=\"slider-770 slide-1061 msDefaultImage\" title=\"Thomas_Sprung\" \/><\/li>\n                <li style=\"display: none; width: 100%;\" class=\"slide-1060 ms-image \" aria-roledescription=\"slide\" data-date=\"2018-11-29 14:54:15\" data-filename=\"Thomas_Sprung2-600x400.jpg\" data-slide-type=\"image\"><img loading=\"lazy\" decoding=\"async\" src=\"https:\/\/reitanlage-roemerhof-schray.de\/wp-content\/uploads\/2018\/11\/Thomas_Sprung2-600x400.jpg\" height=\"400\" width=\"600\" alt=\"\" class=\"slider-770 slide-1060 msDefaultImage\" title=\"Thomas_Sprung2\" \/><\/li>\n                <li style=\"display: none; width: 100%;\" class=\"slide-961 ms-image \" aria-roledescription=\"slide\" data-date=\"2018-11-21 10:10:55\" data-filename=\"IMG-20180926-WA0006888-600x400.jpg\" data-slide-type=\"image\"><img loading=\"lazy\" decoding=\"async\" src=\"https:\/\/reitanlage-roemerhof-schray.de\/wp-content\/uploads\/2018\/10\/IMG-20180926-WA0006888-600x400.jpg\" height=\"400\" width=\"600\" alt=\"\" class=\"slider-770 slide-961 msDefaultImage\" title=\"IMG-20180926-WA0006[888]\" \/><div class=\"caption-wrap\"><div class=\"caption\">Sommer-Grillfest<\/div><\/div><\/li>\n                <li style=\"display: none; width: 100%;\" class=\"slide-1176 ms-image \" aria-roledescription=\"slide\" data-date=\"2018-12-31 10:56:18\" data-filename=\"03_20181223_182455-600x400.jpg\" data-slide-type=\"image\"><img loading=\"lazy\" decoding=\"async\" src=\"https:\/\/reitanlage-roemerhof-schray.de\/wp-content\/uploads\/2018\/12\/03_20181223_182455-600x400.jpg\" height=\"400\" width=\"600\" alt=\"\" class=\"slider-770 slide-1176 msDefaultImage\" title=\"03_20181223_182455\" \/><div class=\"caption-wrap\"><div class=\"caption\">Karolina Hiller und Moneymax<\/div><\/div><\/li>\n                <li style=\"display: none; width: 100%;\" class=\"slide-1177 ms-image \" aria-roledescription=\"slide\" data-date=\"2018-12-31 10:56:36\" data-filename=\"Luca_Otto1-600x400.jpg\" data-slide-type=\"image\"><img loading=\"lazy\" decoding=\"async\" src=\"https:\/\/reitanlage-roemerhof-schray.de\/wp-content\/uploads\/2018\/12\/Luca_Otto1-600x400.jpg\" height=\"400\" width=\"600\" alt=\"\" class=\"slider-770 slide-1177 msDefaultImage\" title=\"Luca_Otto1\" \/><div class=\"caption-wrap\"><div class=\"caption\">Luca Wyrich und \"Otto\"<\/div><\/div><\/li>\n            <\/ul>\n        <\/div>\n        \n    <\/div>\n<\/div>[\/et_pb_code][\/et_pb_column][\/et_pb_row][et_pb_row column_structure=&#8220;1_3,1_3,1_3&#8243; _builder_version=&#8220;3.25&#8243; custom_padding=&#8220;27px|0px|0|0px|false|false&#8220; global_colors_info=&#8220;{}&#8220;][et_pb_column type=&#8220;1_3&#8243; _builder_version=&#8220;3.25&#8243; background_color=&#8220;rgba(180,220,187,0.08)&#8220; custom_padding=&#8220;|||&#8220; global_colors_info=&#8220;{}&#8220; custom_padding__hover=&#8220;|||&#8220;][et_pb_code _builder_version=&#8220;3.17.6&#8243; global_colors_info=&#8220;{}&#8220;]<div id=\"metaslider-id-855\" style=\"width: 100%;\" class=\"ml-slider-3-104-0 metaslider metaslider-flex metaslider-855 ml-slider has-dots-nav ms-theme-default\" role=\"region\" aria-label=\"Reitverein2\" data-height=\"600\" data-width=\"400\">\n    <div id=\"metaslider_container_855\">\n        <div id=\"metaslider_855\">\n            <ul class='slides'>\n                <li style=\"display: block; width: 100%;\" class=\"slide-1064 ms-image \" aria-roledescription=\"slide\" data-date=\"2018-11-29 14:56:29\" data-filename=\"IMG-20180926-WA0010877-400x600.jpg\" data-slide-type=\"image\"><img loading=\"lazy\" decoding=\"async\" src=\"https:\/\/reitanlage-roemerhof-schray.de\/wp-content\/uploads\/2018\/10\/IMG-20180926-WA0010877-400x600.jpg\" height=\"600\" width=\"400\" alt=\"\" class=\"slider-855 slide-1064 msDefaultImage\" title=\"IMG-20180926-WA0010[877]\" \/><div class=\"caption-wrap\"><div class=\"caption\">Lea Schray<\/div><\/div><\/li>\n                <li style=\"display: none; width: 100%;\" class=\"slide-1062 ms-image \" aria-roledescription=\"slide\" data-date=\"2018-11-29 14:56:09\" data-filename=\"Thomas_Siegerehrung-400x600.jpg\" data-slide-type=\"image\"><img loading=\"lazy\" decoding=\"async\" src=\"https:\/\/reitanlage-roemerhof-schray.de\/wp-content\/uploads\/2018\/11\/Thomas_Siegerehrung-400x600.jpg\" height=\"600\" width=\"400\" alt=\"\" class=\"slider-855 slide-1062 msDefaultImage\" title=\"Thomas_Siegerehrung\" \/><div class=\"caption-wrap\"><div class=\"caption\">Thomas Bangert<\/div><\/div><\/li>\n                <li style=\"display: none; width: 100%;\" class=\"slide-1063 ms-image \" aria-roledescription=\"slide\" data-date=\"2018-11-29 14:56:09\" data-filename=\"Tanja_Siegerehrung-400x600.jpg\" data-slide-type=\"image\"><img loading=\"lazy\" decoding=\"async\" src=\"https:\/\/reitanlage-roemerhof-schray.de\/wp-content\/uploads\/2018\/11\/Tanja_Siegerehrung-400x600.jpg\" height=\"600\" width=\"400\" alt=\"\" class=\"slider-855 slide-1063 msDefaultImage\" title=\"Tanja_Siegerehrung\" \/><div class=\"caption-wrap\"><div class=\"caption\">Tanja Bangert<\/div><\/div><\/li>\n                <li style=\"display: none; width: 100%;\" class=\"slide-1073 ms-image \" aria-roledescription=\"slide\" data-date=\"2018-11-29 15:22:37\" data-filename=\"IMG_3212-400x600.jpg\" data-slide-type=\"image\"><img loading=\"lazy\" decoding=\"async\" src=\"https:\/\/reitanlage-roemerhof-schray.de\/wp-content\/uploads\/2018\/09\/IMG_3212-400x600.jpg\" height=\"600\" width=\"400\" alt=\"\" class=\"slider-855 slide-1073 msDefaultImage\" title=\"IMG_3212\" \/><div class=\"caption-wrap\"><div class=\"caption\">Anna Ulmer<\/div><\/div><\/li>\n            <\/ul>\n        <\/div>\n        \n    <\/div>\n<\/div>[\/et_pb_code][\/et_pb_column][et_pb_column type=&#8220;1_3&#8243; _builder_version=&#8220;3.25&#8243; custom_padding=&#8220;|||&#8220; global_colors_info=&#8220;{}&#8220; custom_padding__hover=&#8220;|||&#8220;][et_pb_text _builder_version=&#8220;3.27.4&#8243; text_font=&#8220;||||||||&#8220; text_line_height=&#8220;1.5em&#8220; global_colors_info=&#8220;{}&#8220;]Der Reitverein Oberriexingen unterst\u00fctzt das Reiterleben auf dem R\u00f6merhof, indem verschiedene Anschaffungen vom Reitverein getragen werden, zum Beispiel die Anschaffung einer Waschmaschine, einem Bahnplaner als auch Stangenmaterial f\u00fcrs Springtraining. Diese Dinge stehen Vereinsmitgliedern mit vielen weiteren Annehmlichkeiten zur Verf\u00fcgung.<\/p>\n<p>Nicht-Vereinsmitglieder m\u00fcssen f\u00fcr die Nutzung eine j\u00e4hrliche Umlage entrichten.<\/p>\n<p>&nbsp;<\/p>\n<p><a href=\"https:\/\/reitanlage-roemerhof-schray.de\/wp-content\/uploads\/2018\/11\/Satzung-RV-Oberriexingen.pdf\" rel=\"attachment wp-att-1017\"><\/a>[\/et_pb_text][\/et_pb_column][et_pb_column type=&#8220;1_3&#8243; _builder_version=&#8220;3.25&#8243; custom_padding=&#8220;|||&#8220; global_colors_info=&#8220;{}&#8220; custom_padding__hover=&#8220;|||&#8220;][et_pb_text _builder_version=&#8220;4.4.1&#8243; global_colors_info=&#8220;{}&#8220;]<\/p>\n<p><strong>Kontakt:<\/strong> <strong>1. Vorsitzende<br \/><\/strong>Andrea Schr\u00f6der<br \/>Email: <a href=\"mailto:info@reitverein-oberriexingen.de\"><strong>info@reitverein-oberriexingen.de<\/strong><\/a><\/p>\n<p>&nbsp;<\/p>\n<p>Die Satzung des Reitvereins Oberriexingen sowie einen Antrag auf Mitgliedschaft k\u00f6nnen Sie hier downloaden:<\/p>\n<p><a href=\"https:\/\/reitanlage-roemerhof-schray.de\/wp-content\/uploads\/2018\/11\/Satzung-RV-Oberriexingen.pdf\" target=\"_blank\" rel=\"attachment wp-att-1017 noopener noreferrer\"><strong>Satzung RV Oberriexingen<\/strong><\/a><\/p>\n<p><strong><a href=\"https:\/\/reitanlage-roemerhof-schray.de\/wp-content\/uploads\/2020\/03\/RV_R\u00f6merhof_Mitgliedsantrag_m_Merkblatt.docx\" rel=\"attachment wp-att-1325\">Antrag Mitgliedschaft<\/a><\/strong><\/p>\n<p><strong><a href=\"https:\/\/reitanlage-roemerhof-schray.de\/wp-content\/uploads\/2019\/01\/2013-SEPA-Formular-Reitverein-R\u00f6merhof.doc\" rel=\"attachment wp-att-1188\">SEPA Formular Reitverein R\u00f6merhof<\/a><\/strong><\/p>\n<p>Download-Bereich f\u00fcr Mitglieder <strong><a title=\"Download-Bereich f\u00fcr Mitglieder\" href=\"https:\/\/reitanlage-roemerhof-schray.de\/?page_id=1018\" target=\"_blank\" rel=\"noopener noreferrer\">hier<\/a><\/strong><\/p>\n<p><strong><\/strong><\/p>\n<p><strong><\/strong><\/p>\n<p>[\/et_pb_text][\/et_pb_column][\/et_pb_row][et_pb_row disabled_on=&#8220;on|on|on&#8220; _builder_version=&#8220;3.25&#8243; background_size=&#8220;initial&#8220; background_position=&#8220;top_left&#8220; background_repeat=&#8220;repeat&#8220; custom_margin=&#8220;54px|auto||auto||&#8220; custom_padding=&#8220;27px|0px|16px|0px|false|false&#8220; disabled=&#8220;on&#8220; locked=&#8220;off&#8220; global_colors_info=&#8220;{}&#8220;][et_pb_column type=&#8220;4_4&#8243; _builder_version=&#8220;3.25&#8243; custom_padding=&#8220;|||&#8220; global_colors_info=&#8220;{}&#8220; custom_padding__hover=&#8220;|||&#8220;][\/et_pb_column][\/et_pb_row][\/et_pb_section][et_pb_section fb_built=&#8220;1&#8243; _builder_version=&#8220;4.14.8&#8243; _module_preset=&#8220;default&#8220; global_colors_info=&#8220;{}&#8220;][\/et_pb_section]<\/p>\n","protected":false},"excerpt":{"rendered":"<p>Der R\u00f6merhof &nbsp;Wo sich Pferd und Reiter wohlf\u00fchlen!Der R\u00f6merhof Der R\u00f6merhof wurde 1998 von Familie Schray am Ortsrand von Oberriexingen neu erbaut. Die gro\u00dfz\u00fcgige Anlage bietet Pferd und Reiter nahezu alle M\u00f6glichkeiten. Der R\u00f6merhof ist anerkannter Ausbildungsbetrieb der FN. Ein herrlich weitl\u00e4ufiges Ausreitgel\u00e4nde und Koppeln f\u00fcr alle Pferde sorgen f\u00fcr den n\u00f6tigen Ausgleich im Pferdeleben [&hellip;]<\/p>\n","protected":false},"author":1,"featured_media":0,"parent":0,"menu_order":0,"comment_status":"closed","ping_status":"closed","template":"","meta":{"_et_pb_use_builder":"on","_et_pb_old_content":"","_et_gb_content_width":"","footnotes":""},"class_list":["post-279","page","type-page","status-publish","hentry"],"_links":{"self":[{"href":"https:\/\/reitanlage-roemerhof-schray.de\/index.php?rest_route=\/wp\/v2\/pages\/279","targetHints":{"allow":["GET"]}}],"collection":[{"href":"https:\/\/reitanlage-roemerhof-schray.de\/index.php?rest_route=\/wp\/v2\/pages"}],"about":[{"href":"https:\/\/reitanlage-roemerhof-schray.de\/index.php?rest_route=\/wp\/v2\/types\/page"}],"author":[{"embeddable":true,"href":"https:\/\/reitanlage-roemerhof-schray.de\/index.php?rest_route=\/wp\/v2\/users\/1"}],"replies":[{"embeddable":true,"href":"https:\/\/reitanlage-roemerhof-schray.de\/index.php?rest_route=%2Fwp%2Fv2%2Fcomments&post=279"}],"version-history":[{"count":264,"href":"https:\/\/reitanlage-roemerhof-schray.de\/index.php?rest_route=\/wp\/v2\/pages\/279\/revisions"}],"predecessor-version":[{"id":1464,"href":"https:\/\/reitanlage-roemerhof-schray.de\/index.php?rest_route=\/wp\/v2\/pages\/279\/revisions\/1464"}],"wp:attachment":[{"href":"https:\/\/reitanlage-roemerhof-schray.de\/index.php?rest_route=%2Fwp%2Fv2%2Fmedia&parent=279"}],"curies":[{"name":"wp","href":"https:\/\/api.w.org\/{rel}","templated":true}]}}